{"version":"1.0","provider_name":"\u0170rtelens\u00e9gek","provider_url":"https:\/\/urtelen.cafeblog.hu","author_name":"hellomoncsi","author_url":"https:\/\/urtelen.cafeblog.hu\/author\/hellomoncsi\/","title":"Sz\u00e9llel szemben","html":"<p>2 \u00e9ve, pontosabban 2016. 03. 14-\u00e9n:<\/p>\r\n<p>\"Szeles-napos id\u0151re \u00e9bredt\u00fcnk reggel, h\u00e1t elment\u00fcnk kir\u00e1ndulni egyet.<\/p>\r\n<p>Idei els\u0151 felfedez\u0151-utunk Tiszaroffra vezetett, amely kis falu elhagyatott \u00e9p\u00fclet\u00e9t munkat\u00e1rsam aj\u00e1nlotta figyelmembe - K\u00f6szi, Timi! ;) \u00a0(N\u00e9zegeti a blogomat, h\u00e1t felt\u0171ntek neki az \u0170rtelens\u00e9gek ;) - a bejegyz\u00e9s a festettl\u00e1dafia blogomr\u00f3l k\u00f6lt\u00f6z\u00f6tt ide ;) )<\/p>\r\n<p>Elindultunk h\u00e1t, hogy a megye egyik legrosszabb min\u0151s\u00e9g\u0171 \u00fatj\u00e1t legy\u0151zve megcsod\u00e1ljuk a falu egyik legrosszabb \u00e1llapot\u00fa \u00e9p\u00fclet\u00e9t ;)<\/p>\r\n<p>(Teszem hozz\u00e1, annyira a komp\u00e1tkel\u0151re koncentr\u00e1ltunk, mint kapott helymeghat\u00e1roz\u00e1sra, hogy els\u0151 \"nekifut\u00e1sra\" meg sem l\u00e1ttuk a c\u00e9lpontunkat :P :D )<\/p>\r\n<p>\u00cdme:<\/p>\r\n<p><a href=\"https:\/\/festettladafia.cafeblog.hu\/files\/2016\/03\/IMG_9352.jpg\"><img class=\"aligncenter wp-image-3434 size-large\" src=\"https:\/\/festettladafia.cafeblog.hu\/files\/2016\/03\/IMG_9352-600x450.jpg\" alt=\"IMG_9352\" width=\"600\" height=\"450\" \/><\/a><\/p>\r\n<p><a href=\"https:\/\/festettladafia.cafeblog.hu\/files\/2016\/03\/IMG_9356.jpg\"><img class=\"aligncenter wp-image-3435 size-large\" src=\"https:\/\/festettladafia.cafeblog.hu\/files\/2016\/03\/IMG_9356-600x450.jpg\" alt=\"IMG_9356\" width=\"600\" height=\"450\" \/><\/a><\/p>\r\n<p><a href=\"https:\/\/festettladafia.cafeblog.hu\/files\/2016\/03\/IMG_9358.jpg\"><img class=\"aligncenter wp-image-3436 size-large\" src=\"https:\/\/festettladafia.cafeblog.hu\/files\/2016\/03\/IMG_9358-450x600.jpg\" alt=\"IMG_9358\" width=\"450\" height=\"600\" \/><\/a><\/p>\r\n<p><a href=\"https:\/\/festettladafia.cafeblog.hu\/files\/2016\/03\/IMG_9364.jpg\"><img class=\"aligncenter wp-image-3437 size-large\" src=\"https:\/\/festettladafia.cafeblog.hu\/files\/2016\/03\/IMG_9364-600x450.jpg\" alt=\"IMG_9364\" width=\"600\" height=\"450\" \/><\/a><\/p>\r\n<p><a href=\"https:\/\/festettladafia.cafeblog.hu\/files\/2016\/03\/IMG_9365.jpg\"><img class=\"aligncenter wp-image-3438 size-large\" src=\"https:\/\/festettladafia.cafeblog.hu\/files\/2016\/03\/IMG_9365-600x450.jpg\" alt=\"IMG_9365\" width=\"600\" height=\"450\" \/><\/a><\/p>\r\n<p><a href=\"https:\/\/festettladafia.cafeblog.hu\/files\/2016\/03\/IMG_9366.jpg\"><img class=\"aligncenter wp-image-3439 size-large\" src=\"https:\/\/festettladafia.cafeblog.hu\/files\/2016\/03\/IMG_9366-450x600.jpg\" alt=\"IMG_9366\" width=\"450\" height=\"600\" \/><\/a><\/p>\r\n<p><a href=\"https:\/\/festettladafia.cafeblog.hu\/files\/2016\/03\/IMG_9368.jpg\"><img class=\"aligncenter wp-image-3440 size-large\" src=\"https:\/\/festettladafia.cafeblog.hu\/files\/2016\/03\/IMG_9368-450x600.jpg\" alt=\"IMG_9368\" width=\"450\" height=\"600\" \/><\/a><\/p>\r\n<p><a href=\"https:\/\/festettladafia.cafeblog.hu\/files\/2016\/03\/IMG_9371.jpg\"><img class=\"aligncenter wp-image-3441 size-large\" src=\"https:\/\/festettladafia.cafeblog.hu\/files\/2016\/03\/IMG_9371-450x600.jpg\" alt=\"IMG_9371\" width=\"450\" height=\"600\" \/><\/a><\/p>\r\n<p><a href=\"https:\/\/festettladafia.cafeblog.hu\/files\/2016\/03\/IMG_9387.jpg\"><br \/> <\/a> <a href=\"https:\/\/festettladafia.cafeblog.hu\/files\/2016\/03\/IMG_9390.jpg\"><img class=\"aligncenter wp-image-3443 size-large\" src=\"https:\/\/festettladafia.cafeblog.hu\/files\/2016\/03\/IMG_9390-450x600.jpg\" alt=\"IMG_9390\" width=\"450\" height=\"600\" \/><\/a><\/p>\r\n<p>\u00c9n persze lelki szemeimmel r\u00f6gt\u00f6n sz\u00e1llod\u00e1t l\u00e1ttam benne ;) Persze az, hogy mibe ker\u00fclne fel\u00faj\u00edtani, \u00e9s meg\u00e9rn\u00e9-e valaha-valakinek, m\u00e1s k\u00e9rd\u00e9s. (...\u00e9s nem sz\u00e1m\u00edtan\u00e9k kedvez\u0151 v\u00e1laszokra.) M\u00e9gis, mindig olyan rossz \u00e9rz\u00e9s ilyen elhanyagolt \u00e9s kihaszn\u00e1latlan, egy\u00e9bk\u00e9nt sz\u00e9p \u00e9p\u00fcleteket l\u00e1tni. (Nagyon hasonl\u00f3 eset a fegyverneki valaha-volt <a href=\"https:\/\/festettladafia.cafeblog.hu\/2015\/06\/05\/urtelenseg-2-fejezet\/\" target=\"_blank\" rel=\"noopener\">g\u0151z- \u00e9s hengermalom<\/a> is.)<\/p>\r\n<p>Ez az \u00e9p\u00fclet is malom volt hajdan\u00e1n.<\/p>\r\n<p>Kis nyomoz\u00e1som sor\u00e1n bukkantam egy k\u00f6nyvre -\u00a0<a href=\"http:\/\/library.hungaricana.hu\/hu\/view\/MEGY_JNSZ_Kozl_28_30_Tiszaroff\/?pg=289&amp;layout=s\" target=\"_blank\" rel=\"noopener\">Cseppent\u0151 Mikl\u00f3s: Tiszaroff t\u00f6rt\u00e9nete<\/a>, s benne a k\u00f6vetkez\u0151kre a malommal kapcsolatban:<\/p>\r\n<p>\"<span class=\"selected\">K\u00f6zs\u00e9g\u00fcnkben j\u00f3 m\u0171szaki adotts\u00e1gokkal rendel<\/span><span class=\"selected\">kez\u0151 g\u0151zmalom m\u0171k\u00f6d\u00f6tt, amelyet 1949-ben \u00e1llamo<\/span><span class=\"selected\">s\u00edtottak. A k\u00f6rny\u00e9ken is j\u00f3hir\u00fc malom \u0151rlem\u00e9nyeit <\/span><span class=\"selected\">nagyon szerett\u00e9k \u00e9s ismert\u00e9k a k\u00f6zponti eloszt\u00f3 <\/span><span class=\"selected\">szervek is. M\u00e9g a k\u00f6rnyez\u0151, malommal rendelkez\u0151 <\/span><span class=\"selected\">k\u00f6zs\u00e9gek lakoss\u00e1ga is Tiszaroffra j\u00e1rt \u0151rletni. (...)\u00a0A malom, mint g\u0151zmalom 19o6-19o8 k\u00f6z\u00f6tt l\u00e9tes\u00fclt. (...)\u00a0A kis malmoknak a le\u00e1ll\u00edt\u00e1sa \u00e9s egy \u00f6sszpontos\u00edtott helyen val\u00f3 \u0151rl\u00e9s megszervez\u00e9se gazdas\u00e1gosabb volt, ez\u00e9rt 1960. december 31-\u00e9vel a malom, mint gazd\u00e1lkod\u00f3 egys\u00e9g megsz\u0171nt.\"<br \/> <\/span><\/p>\r\n<p>Az\u00f3ta mi t\u00f6rt\u00e9nt vele? Nem tal\u00e1ltam m\u00e1s inform\u00e1ci\u00f3t r\u00f3la - \u00e1llapot\u00e1t tekintve k\u00f6nnyen elk\u00e9pzelhet\u0151, hogy m\u00e1r 1961 \u00f3ta \u00fcresen \u00e9s elhagyatottan \u00e1ll.\"<\/p>\r\n<p>(Id\u00e9zet magamt\u00f3l, a <a href=\"https:\/\/festettladafia.cafeblog.hu\/2016\/03\/14\/szellel-szemben\/\">festettl\u00e1dafia<\/a> blogr\u00f3l ;) )<\/p>","type":"rich","thumbnail_url":"https:\/\/urtelen.cafeblog.hu\/files\/2018\/02\/IMG_9384-150x150.jpg","thumbnail_width":150,"thumbnail_height":150}