{"version":"1.0","provider_name":"\u0170rtelens\u00e9gek","provider_url":"https:\/\/urtelen.cafeblog.hu","author_name":"hellomoncsi","author_url":"https:\/\/urtelen.cafeblog.hu\/author\/hellomoncsi\/","title":"Bevezet\u00e9s","html":"<p>Az elnevez\u00e9s eredete:<\/p>\r\n<p><em>\"Kedves Erik!<\/em><\/p>\r\n<p><em>K\u00e9rd\u00e9s: Mi az az \u0171rtelens\u00e9g?<\/em><\/p>\r\n<p><em>V\u00e1lasz: jelz\u00e9s n\u00e9lk\u00fcli aut\u00f3parkol\u00f3k, szerel\u0151akn\u00e1k, haszn\u00e1laton k\u00edv\u00fcli padl\u00e1sok \u00e9s pinc\u00e9k, t\u00fczel\u0151anyag-t\u00e1rol\u00f3k, karbantart\u00f3folyos\u00f3k, lepusztult ipartelepek, bedeszk\u00e1zott lak\u00f3h\u00e1zak, lebont\u00e1sra \u00edt\u00e9lt, bet\u00f6rt ablak\u00fa gy\u00e1rak, kikapcsolt er\u0151m\u0171vek, f\u00f6ld alatti l\u00e9tes\u00edtm\u00e9nyek, rakt\u00e1rhelyis\u00e9gek, bez\u00e1rt k\u00f3rh\u00e1zak, t\u0171zl\u00e9tr\u00e1k, h\u00e1ztet\u0151k, bolthajt\u00e1sok, omladoz\u00f3 templomok \u00e9letvesz\u00e9lyes tornyokkal, kibelezett \u00fczemcsarnokok, sz\u00e1z\u00e9ves szennyv\u00edzcsatorn\u00e1k, s\u00f6t\u00e9t alagutak, \u00e1tj\u00e1r\u00f3k, szell\u0151z\u0151rendszerek, l\u00e9pcs\u0151h\u00e1zak, liftek, \u00fczletek pr\u00f3baf\u00fclk\u00e9i m\u00f6g\u00f6tti k\u00e9tes tisztas\u00e1g\u00fa, zegzugos folyos\u00f3k, aknany\u00edl\u00e1sfedelek alatti \u00e9s gyommal felvert vas\u00fati mell\u00e9kv\u00e1g\u00e1nyokon t\u00fali nevenincs sz\u00f6gletek.\"<\/em><\/p>\r\n<p><em>(Steven Hall: C\u00e1PAca - 206. lev\u00e9l)<\/em><\/p>\r\n<p>F\u00e9lig, vagy teljesen elfedett helyek... kevesek \u00e1ltal \u00e9szrevett apr\u00f3 sz\u00e9ps\u00e9gek \u00e9s furcsas\u00e1gok...<\/p>\r\n<p>No, majd megl\u00e1tj\u00e1tok, mire gondolok ;)\u00a0<\/p>","type":"rich","thumbnail_url":"https:\/\/urtelen.cafeblog.hu\/files\/2017\/10\/WP_20160801_19_22_08_Pro-150x150.jpg","thumbnail_width":150,"thumbnail_height":150}